{"id":261,"date":"2016-01-05T14:34:11","date_gmt":"2016-01-05T13:34:11","guid":{"rendered":"http:\/\/www.musikverein-breitenthal.de\/Wordpress\/?page_id=261"},"modified":"2026-01-02T12:00:10","modified_gmt":"2026-01-02T11:00:10","slug":"konzertprogramme","status":"publish","type":"page","link":"https:\/\/www.musikverein-breitenthal.de\/Wordpress\/eine-seite\/konzertprogramme\/","title":{"rendered":"Konzertprogramme"},"content":{"rendered":"<p>Hier finden Sie unsere Konzertprogramme der letzten Jahre. Um die Details zu sehen, klicken Sie bitte auf die Jahreszahlen.<\/p>\n<h4 class=\"collapseomatic \" id=\"id69f170b66faf5\"  tabindex=\"0\" title=\"2025\"    >2025<\/h4><div id=\"target-id69f170b66faf5\" class=\"collapseomatic_content \">\n<h4>Weihnachtskonzert<\/h4>\n<table style=\"width: 500px;\" border=\"0\" cellspacing=\"1\" cellpadding=\"1\" align=\"center\">\n<tbody>\n<tr>\n<td>Jubil\u00e4umsfanfare<\/td>\n<td>Tobias Psaier<\/td>\n<\/tr>\n<tr>\n<td>Resurgam<\/td>\n<td>Eric Ball<\/td>\n<\/tr>\n<tr>\n<td>Armenian Dances Part 1<\/td>\n<td>Alfred Reed<\/td>\n<\/tr>\n<tr>\n<td>Queen Symphonic Highlights<\/td>\n<td>Philip Sparke<\/td>\n<\/tr>\n<tr>\n<td>Junges Eisacktal<\/td>\n<td>Tobias Psaier<\/td>\n<\/tr>\n<tr>\n<td>TV-Kultabend<\/td>\n<td>Manfred Schneider<\/td>\n<\/tr>\n<tr>\n<td>A Home Alone Christmas<\/td>\n<td>Paul Lavender<\/td>\n<\/tr>\n<tr>\n<td>Machs Guad<\/td>\n<td>Daniel Barth<\/td>\n<\/tr>\n<\/tbody>\n<\/table>\n<p><span style=\"font-size: inherit;\"><\/div><\/span><\/p>\n<h4 class=\"collapseomatic \" id=\"id69f170b66fb77\"  tabindex=\"0\" title=\"2024\"    >2024<\/h4><div id=\"target-id69f170b66fb77\" class=\"collapseomatic_content \">\n<h4>Weihnachtskonzert<\/h4>\n<table style=\"width: 500px;\" border=\"0\" cellspacing=\"1\" cellpadding=\"1\" align=\"center\">\n<tbody>\n<tr>\n<td>Jubilance<\/td>\n<td>Benjamin Yeo<\/td>\n<\/tr>\n<tr>\n<td>A Filvar Story<\/td>\n<td>Vitor Resende<\/td>\n<\/tr>\n<tr>\n<td>Drei Haseln\u00fcsse f\u00fcr Aschenbr\u00f6del<\/td>\n<td>Karel Svoboda<\/td>\n<\/tr>\n<tr>\n<td>Dahoam<\/td>\n<td>Tobias Psaier<\/td>\n<\/tr>\n<tr>\n<td>Semper Fidelis<\/td>\n<td>John Philip Sousa<\/td>\n<\/tr>\n<tr>\n<td>Kaiserwalzer<\/td>\n<td>Johann Strau\u00df Sohn<\/td>\n<\/tr>\n<tr>\n<td>Pachelbel&#8217;s Kanon<\/td>\n<td>Johann Pachelbel<\/td>\n<\/tr>\n<tr>\n<td>My Fair Lady<\/td>\n<td>Frederick Loewe<\/td>\n<\/tr>\n<tr>\n<td>Sleigh Ride<\/td>\n<td>Leroy Anderson<\/td>\n<\/tr>\n<\/tbody>\n<\/table>\n<p><span style=\"font-size: inherit;\"><\/div><\/span><\/p>\n<h4 class=\"collapseomatic \" id=\"id69f170b66fb9f\"  tabindex=\"0\" title=\"2023\"    >2023<\/h4><div id=\"target-id69f170b66fb9f\" class=\"collapseomatic_content \">\n<h4>Weihnachtskonzert<\/h4>\n<table style=\"width: 500px;\" border=\"0\" cellspacing=\"1\" cellpadding=\"1\" align=\"center\">\n<tbody>\n<tr>\n<td>Kr\u00f6nungsmarsch<\/td>\n<td>Peter I. Tschaikowsky<\/td>\n<\/tr>\n<tr>\n<td>California<\/td>\n<td>David Maslanka<\/td>\n<\/tr>\n<tr>\n<td>Crescent Moon<\/td>\n<td>Jan van der Roost<\/td>\n<\/tr>\n<tr>\n<td>Hymn a la musique<\/td>\n<td>Serge Lancen<\/td>\n<\/tr>\n<tr>\n<td>In Vita Optimum<\/td>\n<td>Lukas Bruckmeyer<\/td>\n<\/tr>\n<tr>\n<td>A Winter&#8217;s Tale<\/td>\n<td>Philip Sparke<\/td>\n<\/tr>\n<tr>\n<td>Born4Horn<\/td>\n<td>Fritz Neub\u00f6ck<\/td>\n<\/tr>\n<tr>\n<td>A Christmal Carol Fantasy<\/td>\n<td>Takashi Hoshide<\/td>\n<\/tr>\n<\/tbody>\n<\/table>\n<h4>Gemeinschaftskonzert mit dem MGV Rennertshofen-Nordholz<\/h4>\n<table style=\"width: 500px;\" border=\"0\" cellspacing=\"1\" cellpadding=\"1\" align=\"center\">\n<tbody>\n<tr>\n<td>Panorama Marsch<\/td>\n<td>Thomas G. Greiner<\/td>\n<\/tr>\n<tr>\n<td>Infinity<\/td>\n<td>Mathias Wehr<\/td>\n<\/tr>\n<tr>\n<td>Latino Mallets<\/td>\n<td>Stefan Schwalgin<\/td>\n<\/tr>\n<tr>\n<td>Variations on a Korean Folk Song<\/td>\n<td>John Barnes Chance<\/td>\n<\/tr>\n<tr>\n<td>The Story<\/td>\n<td>Markus Peter<\/td>\n<\/tr>\n<tr>\n<td>Nothing Else Matters<\/td>\n<td>Lorenzo Bocci<\/td>\n<\/tr>\n<tr>\n<td>Eine letzte Runde<\/td>\n<td>Markus Nentwich<\/td>\n<\/tr>\n<\/tbody>\n<\/table>\n<\/div>\n<h4 class=\"collapseomatic \" id=\"id69f170b66fbc2\"  tabindex=\"0\" title=\"2022\"    >2022<\/h4><div id=\"target-id69f170b66fbc2\" class=\"collapseomatic_content \">\n<h4>Weihnachtskonzert<\/h4>\n<table style=\"width: 500px;\" border=\"0\" cellspacing=\"1\" cellpadding=\"1\" align=\"center\">\n<tbody>\n<tr>\n<td>Prismatic Light<\/td>\n<td>Alan Fernie<\/td>\n<\/tr>\n<tr>\n<td>FLOW!<\/td>\n<td>Mario B\u00fcrki<\/td>\n<\/tr>\n<tr>\n<td>Tanz der Vampire<\/td>\n<td>Jim Steinman<\/td>\n<\/tr>\n<tr>\n<td>Carrickfergus<\/td>\n<td>Irish Air<\/td>\n<\/tr>\n<tr>\n<td>Carpe Diem<\/td>\n<td>Alexander Pfluger<\/td>\n<\/tr>\n<tr>\n<td>Variations on a Korean Folk Song<\/td>\n<td>John Barnes Chance<\/td>\n<\/tr>\n<tr>\n<td>A Christmas Festival<\/td>\n<td>Leroy Anderson<\/td>\n<\/tr>\n<tr>\n<td>Adagio Sinfonie Nr. 3, 6. Satz<\/td>\n<td>Gustav Mahler<\/td>\n<\/tr>\n<\/tbody>\n<\/table>\n<h4>Konzert mit Trachtenvorstellung<\/h4>\n<table style=\"width: 500px;\" border=\"0\" cellspacing=\"1\" cellpadding=\"1\" align=\"center\">\n<tbody>\n<tr>\n<td>The Hounds of Spring<\/td>\n<td>Alfred Reed<\/td>\n<\/tr>\n<tr>\n<td>Hobbits V (from &#8222;The Lord of the Rings&#8220;)<\/td>\n<td>Johan de Meij<\/td>\n<\/tr>\n<tr>\n<td>Legends of the Fall<\/td>\n<td>James Horner<\/td>\n<\/tr>\n<tr>\n<td>Blas&#8216; Musik in die Welt<\/td>\n<td>M. u. S. Hutter<\/td>\n<\/tr>\n<tr>\n<td>How to train your Dragon<\/td>\n<td>John Powell<\/td>\n<\/tr>\n<tr>\n<td>Dublin Pictures<\/td>\n<td>Marc Jaenbourquin<\/td>\n<\/tr>\n<\/tbody>\n<\/table>\n<\/div>\n<h4 class=\"collapseomatic \" id=\"id69f170b66fbe1\"  tabindex=\"0\" title=\"2019\"    >2019<\/h4><div id=\"target-id69f170b66fbe1\" class=\"collapseomatic_content \">\n<h4>Weihnachtskonzert<\/h4>\n<table style=\"width: 500px;\" border=\"0\" cellspacing=\"1\" cellpadding=\"1\" align=\"center\">\n<tbody>\n<tr>\n<td>Venezia<\/td>\n<td>Gaetano Fabiani<\/td>\n<\/tr>\n<tr>\n<td>Ausz\u00fcge aus &#8222;Die verkaufte Braut&#8220;<\/td>\n<td>Bedrich Smetana<\/td>\n<\/tr>\n<tr>\n<td>Farmer&#8217;s Tuba<\/td>\n<td>Martin Scharnagel<\/td>\n<\/tr>\n<tr>\n<td>Cross of Honour<\/td>\n<td>William Rimmer<\/td>\n<\/tr>\n<tr>\n<td>Lexicon of the Gods<\/td>\n<td>Rossano Galante<\/td>\n<\/tr>\n<tr>\n<td>Bohemian Rhapsody<\/td>\n<td>Philip Sparke<\/td>\n<\/tr>\n<tr>\n<td>Merry Christmas Everyone<\/td>\n<td>Shakin Stevens<\/td>\n<\/tr>\n<\/tbody>\n<\/table>\n<h4>Galakonzert mit Brassband A7<\/h4>\n<table style=\"width: 500px;\" border=\"0\" cellspacing=\"1\" cellpadding=\"1\" align=\"center\">\n<tbody>\n<tr>\n<td>Mercury<\/td>\n<td>Jan van der Roost<\/td>\n<\/tr>\n<tr>\n<td>Aurora Borealis<\/td>\n<td>Rossano Galante<\/td>\n<\/tr>\n<tr>\n<td>Lux Aurumque<\/td>\n<td>Eric Whitacre<\/td>\n<\/tr>\n<tr>\n<td>Overture for a special Occasion<\/td>\n<td>Philip Sparke<\/td>\n<\/tr>\n<tr>\n<td>MacArthur Park<\/td>\n<td>Jimmy Webb<\/td>\n<\/tr>\n<\/tbody>\n<\/table>\n<\/div>\n<h4 class=\"collapseomatic \" id=\"id69f170b66fbfe\"  tabindex=\"0\" title=\"2018\"    >2018<\/h4><div id=\"target-id69f170b66fbfe\" class=\"collapseomatic_content \">\n<h4>Weihnachtskonzert<\/h4>\n<table style=\"width: 500px;\" border=\"0\" cellspacing=\"1\" cellpadding=\"1\" align=\"center\">\n<tbody>\n<tr>\n<td>Florentiner Marsch<\/td>\n<td>Julius Fucik<\/td>\n<\/tr>\n<tr>\n<td>Vergn\u00fcgungzug<\/td>\n<td>Johann Strau\u00df Sohn<\/td>\n<\/tr>\n<tr>\n<td>Witch and the Saint<\/td>\n<td>Steven Reineke<\/td>\n<\/tr>\n<tr>\n<td>La Mourisque aus &#8222;Susato Suite&#8220;<\/td>\n<td>Tylman Susato<\/td>\n<\/tr>\n<tr>\n<td>Lux Aurumque<\/td>\n<td>Eric Whitacre<\/td>\n<\/tr>\n<tr>\n<td>Aurora Borealis<\/td>\n<td>Rossano Galante<\/td>\n<\/tr>\n<tr>\n<td>Gonna Fly Now<\/td>\n<td>Survivor<\/td>\n<\/tr>\n<tr>\n<td>Domi Adventus<\/td>\n<td>Alexander Pfluger<\/td>\n<\/tr>\n<\/tbody>\n<\/table>\n<h4>Gemeinschaftskonzert mit MK Gerlenhofen<\/h4>\n<table style=\"width: 500px;\" border=\"0\" cellspacing=\"1\" cellpadding=\"1\" align=\"center\">\n<tbody>\n<tr>\n<td>Mars der Medici<\/td>\n<td>Johan Wichers<\/td>\n<\/tr>\n<tr>\n<td>Tore der Sonne<\/td>\n<td>Rolf Rudin<\/td>\n<\/tr>\n<tr>\n<td>Song of Hope<\/td>\n<td>Peter Meechan<\/td>\n<\/tr>\n<tr>\n<td>Overture for a special occasion<\/td>\n<td>Philip Sparke<\/td>\n<\/tr>\n<tr>\n<td>Don&#8217;t stop me now<\/td>\n<td>Freddie Mercury<\/td>\n<\/tr>\n<\/tbody>\n<\/table>\n<\/div>\n<h4 class=\"collapseomatic \" id=\"id69f170b66fc1a\"  tabindex=\"0\" title=\"2017\"    >2017<\/h4><div id=\"target-id69f170b66fc1a\" class=\"collapseomatic_content \">\n<h4>Weihnachtskonzert<\/h4>\n<table style=\"width: 500px;\" border=\"0\" cellspacing=\"1\" cellpadding=\"1\" align=\"center\">\n<tbody>\n<tr>\n<td>Concert Prelude<\/td>\n<td>Philip Sparke<\/td>\n<\/tr>\n<tr>\n<td>Fire in the Blood<\/td>\n<td>Paul Lovatt-Cooper<\/td>\n<\/tr>\n<tr>\n<td>Mars der Medici<\/td>\n<td>Johan Wichers<\/td>\n<\/tr>\n<tr>\n<td>Overture to a special Occasion<\/td>\n<td>Philip Sparke<\/td>\n<\/tr>\n<tr>\n<td>Song of Hope<\/td>\n<td>Peter Meechan<\/td>\n<\/tr>\n<tr>\n<td>Don&#8217;t Stop Me Now<\/td>\n<td>Freddy Mercury \/ arr. Sawako Yamazato<\/td>\n<\/tr>\n<tr>\n<td>As the Moon whispers<\/td>\n<td>Benjamin Yeo<\/td>\n<\/tr>\n<\/tbody>\n<\/table>\n<h4>Konzert Kontraste<\/h4>\n<table style=\"width: 500px;\" border=\"0\" cellspacing=\"1\" cellpadding=\"1\" align=\"center\">\n<tbody>\n<tr>\n<td>Festmusik der Stadt Wien<\/td>\n<td>Richard Strauss<\/td>\n<\/tr>\n<tr>\n<td>Music for Life<\/td>\n<td>Philip Sparke<\/td>\n<\/tr>\n<tr>\n<td>MacArthur Park<\/td>\n<td>Jimmy Webb<\/td>\n<\/tr>\n<tr>\n<td>Hymn to the sun &#8211; with the beat of mother earth<\/td>\n<td>Satoshi Yagisawa<\/td>\n<\/tr>\n<\/tbody>\n<\/table>\n<\/div>\n<h4 class=\"collapseomatic \" id=\"id69f170b66fc37\"  tabindex=\"0\" title=\"2016\"    >2016<\/h4><div id=\"target-id69f170b66fc37\" class=\"collapseomatic_content \">\n<h4>Weihnachtskonzert<\/h4>\n<table style=\"width: 500px;\" border=\"0\" cellspacing=\"1\" cellpadding=\"1\" align=\"center\">\n<tbody>\n<tr>\n<td>Festmusik der Stadt Wien<\/td>\n<td>Richard Strauss<\/td>\n<\/tr>\n<tr>\n<td>Courage &#8230; at the Wall of Fire<\/td>\n<td>Stephen Melillo<\/td>\n<\/tr>\n<tr>\n<td>Crossbreed<\/td>\n<td>Thiemo Kraas<\/td>\n<\/tr>\n<tr>\n<td>The Cross of Honour<\/td>\n<td>William Rimmer<\/td>\n<\/tr>\n<tr>\n<td>Vidda<\/td>\n<td>Ole Edvard Antonsen<\/td>\n<\/tr>\n<tr>\n<td>Hymn to the Sun &#8211; with the Beat of Mother Earth<\/td>\n<td>Satoshi Yagisawa<\/td>\n<\/tr>\n<tr>\n<td>As the Moon whispers<\/td>\n<td>Benjamin Yeo<\/td>\n<\/tr>\n<\/tbody>\n<\/table>\n<h4>Kirchenkonzert Roggenburg<\/h4>\n<table style=\"width: 500px;\" border=\"0\" cellspacing=\"1\" cellpadding=\"1\" align=\"center\">\n<tbody>\n<tr>\n<td>Die Himmel r\u00fchmen des Ewigen Ehre<\/td>\n<td>Ludwig van Beethoven<\/td>\n<\/tr>\n<tr>\n<td>Songs of Wales<\/td>\n<td>Albert O. Davis<\/td>\n<\/tr>\n<tr>\n<td>Sheltering Sky<\/td>\n<td>John Mackey<\/td>\n<\/tr>\n<tr>\n<td>For the Love of Johan<\/td>\n<td>Sephen Melillo<\/td>\n<\/tr>\n<tr>\n<td>Music for Life<\/td>\n<td>Philip Sparke<\/td>\n<\/tr>\n<tr>\n<td>Stal Himmel<\/td>\n<td>Alain Fernie<\/td>\n<\/tr>\n<tr>\n<td>Choral Variantion und Fuge<\/td>\n<td>Paul Huber<\/td>\n<\/tr>\n<tr>\n<td>Salvation is created<\/td>\n<td>Pavel Tschesnokoff<\/td>\n<\/tr>\n<tr>\n<td>As the Moon whispers<\/td>\n<td>Benjamin Yeo<\/td>\n<\/tr>\n<\/tbody>\n<\/table>\n<\/div>\n<h4 class=\"collapseomatic \" id=\"id69f170b66fc54\"  tabindex=\"0\" title=\"2015\"    >2015<\/h4><div id=\"target-id69f170b66fc54\" class=\"collapseomatic_content \">\n<h4>Weihnachtskonzert<\/h4>\n<table style=\"width: 500px;\" border=\"0\" cellspacing=\"1\" cellpadding=\"1\" align=\"center\">\n<tbody>\n<tr>\n<td>Festive Hymn<\/td>\n<td>Johan de Meij<\/td>\n<\/tr>\n<tr>\n<td>Tirol 1809<\/td>\n<td>Sepp Tanzer<\/td>\n<\/tr>\n<tr>\n<td>Arsenal<\/td>\n<td>Jan van der Roost<\/td>\n<\/tr>\n<tr>\n<td>For the Love of Johan<\/td>\n<td>Sephen Melillo<\/td>\n<\/tr>\n<tr>\n<td>Music for Life<\/td>\n<td>Philip Sparke<\/td>\n<\/tr>\n<tr>\n<td>Songs of Wales<\/td>\n<td>Albert Oliver Davis<\/td>\n<\/tr>\n<tr>\n<td>Boccaccio<\/td>\n<td>Franz von Supp\u00e9<\/td>\n<\/tr>\n<\/tbody>\n<\/table>\n<h4>Galakonzert mit MK Peter Mayr Pfeffersberg<\/h4>\n<table style=\"width: 500px;\" border=\"0\" cellspacing=\"1\" cellpadding=\"1\" align=\"center\">\n<tbody>\n<tr>\n<td>Alpina Fanfare<\/td>\n<td>Franco Cesarini<\/td>\n<\/tr>\n<tr>\n<td>Overt\u00fcre f\u00fcr Harmoniemusik op.24<\/td>\n<td>Felix Mendelssohn-Bartholdy<\/td>\n<\/tr>\n<tr>\n<td>Andante Religioso<\/td>\n<td>Thiemo Kraas<\/td>\n<\/tr>\n<tr>\n<td>Suite on Celtic Folk Songs<\/td>\n<td>Tomohiro Tatebe<\/td>\n<\/tr>\n<tr>\n<td>Mercury<\/td>\n<td>Jan van der Roost<\/td>\n<\/tr>\n<\/tbody>\n<\/table>\n<h4>Kirchenkonzert Roggenburg<\/h4>\n<table style=\"width: 500px;\" border=\"0\" cellspacing=\"1\" cellpadding=\"1\" align=\"center\">\n<tbody>\n<tr>\n<td>Alpina Fanfare<\/td>\n<td>Franco Cesarini<\/td>\n<\/tr>\n<tr>\n<td>Ouvert\u00fcre f\u00fcr Harmoniemusik op.24<\/td>\n<td>Felix Mendelssohn-Bartholdy<\/td>\n<\/tr>\n<tr>\n<td>Morgenstimmung<\/td>\n<td>Edvard Grieg,<em> arr. Vladimir Studnicka<\/em><\/td>\n<\/tr>\n<tr>\n<td>To My Country<\/td>\n<td>Bernard Zweers,<em> arr. Johan de Meij<\/em><\/td>\n<\/tr>\n<tr>\n<td>Lascia ch&#8217;io pianga<\/td>\n<td>Georg Friedrich H\u00e4ndel<\/td>\n<\/tr>\n<tr>\n<td>Andante Religioso<\/td>\n<td>Thiemo Kraas<\/td>\n<\/tr>\n<tr>\n<td>Salvation is Created<\/td>\n<td>Pavel Tschesnokoff, <em>arr. Bruce Houseknecht<\/em><\/td>\n<\/tr>\n<tr>\n<td>Mercury<\/td>\n<td>Jan van der Roost<\/td>\n<\/tr>\n<\/tbody>\n<\/table>\n<\/div>\n<h4 class=\"collapseomatic \" id=\"id69f170b66fc75\"  tabindex=\"0\" title=\"2014\"    >2014<\/h4><div id=\"target-id69f170b66fc75\" class=\"collapseomatic_content \">\n<h4>Weihnachtskonzert<\/h4>\n<table style=\"width: 500px;\" border=\"0\" cellspacing=\"1\" cellpadding=\"1\" align=\"center\">\n<tbody>\n<tr>\n<td>Resplendent Glory<\/td>\n<td>Rossano Galante<\/td>\n<\/tr>\n<tr>\n<td>Out of Africa<\/td>\n<td>John Barry, <em>arr. Johan de Meij<\/em><\/td>\n<\/tr>\n<tr>\n<td>The Sunken Village<\/td>\n<td>Philip Sparke, <em>arr. Judith von Boven<\/em><\/td>\n<\/tr>\n<tr>\n<td>Mercury<\/td>\n<td>Jan van der Roost<\/td>\n<\/tr>\n<tr>\n<td>A Choral for a Solemn Occasion<\/td>\n<td>Marc van Delft<\/td>\n<\/tr>\n<tr>\n<td>There&#8217;s no business like Showbusiness<\/td>\n<td>Irving Berlin, <em>arr.Naohiro Iway<\/em><\/td>\n<\/tr>\n<tr>\n<td>Arcus<\/td>\n<td>Thiemo Kraas<\/td>\n<\/tr>\n<tr>\n<td>Irish Tune from County Derry<\/td>\n<td>Percy A. Grainger<\/td>\n<\/tr>\n<\/tbody>\n<\/table>\n<h4>Kirchenkonzert Roggenburg<\/h4>\n<table style=\"width: 500px;\" border=\"0\" cellspacing=\"1\" cellpadding=\"1\" align=\"center\">\n<tbody>\n<tr>\n<td>The King&#8217;s March<\/td>\n<td>Soeren Hyldgaard, <em>arr. Johan de Meij<\/em><\/td>\n<\/tr>\n<tr>\n<td>Imagasy<\/td>\n<td>Thiemo Kraas<\/td>\n<\/tr>\n<tr>\n<td>Lied ohne Worte<\/td>\n<td>Rolf Rudin<\/td>\n<\/tr>\n<tr>\n<td>Wachet auf, ruft uns die Stimme<\/td>\n<td>Johann Sebastian Bach<\/td>\n<\/tr>\n<tr>\n<td>Largo aus Xerxes, Sopran: Regina Miller<\/td>\n<td>Georg F. H\u00e4ndel, <em>arr. Joseph Kanz<\/em><\/td>\n<\/tr>\n<tr>\n<td>Jubilee Overture<\/td>\n<td>Philip Sparke<\/td>\n<\/tr>\n<tr>\n<td>A Choral for a Solemn Occasion<\/td>\n<td>Marc van Delft<\/td>\n<\/tr>\n<\/tbody>\n<\/table>\n<\/div>\n<h4 class=\"collapseomatic \" id=\"id69f170b66fc92\"  tabindex=\"0\" title=\"2013\"    >2013<\/h4><div id=\"target-id69f170b66fc92\" class=\"collapseomatic_content \">\n<h4>Weihnachtskonzert<\/h4>\n<table style=\"width: 550px;\" border=\"0\" cellspacing=\"1\" cellpadding=\"1\" align=\"center\">\n<tbody>\n<tr>\n<td>Jubilee Overture<\/td>\n<td>Philip Sparke<\/td>\n<\/tr>\n<tr>\n<td>Morgenstimmung<\/td>\n<td>Edvard Grieg<\/td>\n<\/tr>\n<tr>\n<td>Imagasy<\/td>\n<td>Thiemo Kraas<\/td>\n<\/tr>\n<tr>\n<td>Concert Prelude<\/td>\n<td>Philip Sparke<\/td>\n<\/tr>\n<tr>\n<td>Cabo Verde<\/td>\n<td>Markus G\u00f6tz<\/td>\n<\/tr>\n<tr>\n<td>Annen-Polka<\/td>\n<td>Johann Strau\u00df (Sohn)<\/td>\n<\/tr>\n<tr>\n<td>Suite on Celtic Folk Songs<\/td>\n<td>Tomohiro Tatebe<\/td>\n<\/tr>\n<tr>\n<td>Vivat Athesis<\/td>\n<td>Hans Finatzer<\/td>\n<\/tr>\n<\/tbody>\n<\/table>\n<\/div>\n","protected":false},"excerpt":{"rendered":"<p>Hier finden Sie unsere Konzertprogramme der letzten Jahre. Um die Details zu sehen, klicken Sie bitte auf die Jahreszahlen.<\/p>\n","protected":false},"author":2,"featured_media":0,"parent":5,"menu_order":35,"comment_status":"closed","ping_status":"closed","template":"","meta":{"footnotes":""},"class_list":["post-261","page","type-page","status-publish","hentry"],"_links":{"self":[{"href":"https:\/\/www.musikverein-breitenthal.de\/Wordpress\/wp-json\/wp\/v2\/pages\/261","targetHints":{"allow":["GET"]}}],"collection":[{"href":"https:\/\/www.musikverein-breitenthal.de\/Wordpress\/wp-json\/wp\/v2\/pages"}],"about":[{"href":"https:\/\/www.musikverein-breitenthal.de\/Wordpress\/wp-json\/wp\/v2\/types\/page"}],"author":[{"embeddable":true,"href":"https:\/\/www.musikverein-breitenthal.de\/Wordpress\/wp-json\/wp\/v2\/users\/2"}],"replies":[{"embeddable":true,"href":"https:\/\/www.musikverein-breitenthal.de\/Wordpress\/wp-json\/wp\/v2\/comments?post=261"}],"version-history":[{"count":30,"href":"https:\/\/www.musikverein-breitenthal.de\/Wordpress\/wp-json\/wp\/v2\/pages\/261\/revisions"}],"predecessor-version":[{"id":1985,"href":"https:\/\/www.musikverein-breitenthal.de\/Wordpress\/wp-json\/wp\/v2\/pages\/261\/revisions\/1985"}],"up":[{"embeddable":true,"href":"https:\/\/www.musikverein-breitenthal.de\/Wordpress\/wp-json\/wp\/v2\/pages\/5"}],"wp:attachment":[{"href":"https:\/\/www.musikverein-breitenthal.de\/Wordpress\/wp-json\/wp\/v2\/media?parent=261"}],"curies":[{"name":"wp","href":"https:\/\/api.w.org\/{rel}","templated":true}]}}